{"id":1003,"date":"2020-03-24T10:57:11","date_gmt":"2020-03-24T09:57:11","guid":{"rendered":"http:\/\/gartenfriedhof.de\/?post_type=soliloquy&#038;p=1003"},"modified":"2026-04-29T12:11:26","modified_gmt":"2026-04-29T10:11:26","slug":"ornamente","status":"publish","type":"soliloquy","link":"https:\/\/gartenfriedhof.de\/wordpress\/?post_type=soliloquy&p=1003","title":{"rendered":"Ornamente"},"author":1,"template":"","slider_data":{"id":1003,"config":{"type":"default","slider_theme":"metro","slider_width":600,"slider_height":400,"transition":"fade","duration":4000,"speed":400,"gutter":0,"slider":1,"aria_live":"polite","classes":[""],"title":"Ornamente","slug":"ornamente","rtl":0,"slider_size":"default","position":"center","caption_position":"bottom","caption_delay":0,"auto":1,"smooth":1,"dimensions":0,"arrows":1,"control":0,"pauseplay":1,"mobile_caption":0,"hover":1,"pause":1,"mousewheel":1,"mobile":0,"mobile_width":600,"mobile_height":200,"keyboard":1,"css":1,"loop":1,"random":0,"delay":0,"start":0,"autoplay_video":1,"enable_link":0,"sort_order":"manual","custom_css":"","carousel":0,"carousel_width":200,"carousel_height":125,"carousel_margin":10,"carousel_min":3,"carousel_max":3,"carousel_move":1,"mobile_carousel":0,"lightbox":1,"lightbox_theme":"base","lightbox_title":"outside","lightbox_arrows":1,"lightbox_keyboard":1,"lightbox_mousewheel":1,"lightbox_aspect":1,"lightbox_loop":1,"lightbox_transition":"fade","lightbox_html5":0,"lightbox_videos":0,"lightbox_thumbs":1,"lightbox_twidth":75,"lightbox_theight":50,"lightbox_tposition":"bottom","lightbox_supersize":1,"mobile_lightbox":0,"thumbnails":0,"thumbnails_width":5,"thumbnails_height":50,"thumbnails_position":"bottom","thumbnails_margin":0,"thumbnails_num":5,"thumbnails_crop":1,"thumbnails_loop":1,"thumbnails_arrows":1,"mobile_thumbnails":0,"protection":0,"schedule":0,"schedule_start":"1777457460","schedule_end":"1777457460"},"slider":{"923":{"status":"active","id":923,"attachment_id":923,"src":"http:\/\/gartenfriedhof.de\/wordpress\/wp-content\/uploads\/2016\/07\/Kielmannnsegge_3n.jpg","title":"Kielmannnsegge_3n","link":"","alt":"Kielmannnsegge_3n","caption":"","type":"image","lb_thumb":"https:\/\/gartenfriedhof.de\/wordpress\/wp-content\/uploads\/2016\/07\/Kielmannnsegge_3n-75x50_c.jpg"},"922":{"status":"active","id":922,"attachment_id":922,"src":"http:\/\/gartenfriedhof.de\/wordpress\/wp-content\/uploads\/2016\/07\/Kallmn.jpg","title":"Kallmn","link":"","alt":"Kallmn","caption":"","type":"image","lb_thumb":"https:\/\/gartenfriedhof.de\/wordpress\/wp-content\/uploads\/2016\/07\/Kallmn-75x50_c.jpg"},"920":{"status":"active","id":920,"attachment_id":920,"src":"http:\/\/gartenfriedhof.de\/wordpress\/wp-content\/uploads\/2016\/07\/IMG_2499n.jpg","title":"IMG_2499n","link":"","alt":"IMG_2499n","caption":"","type":"image","lb_thumb":"https:\/\/gartenfriedhof.de\/wordpress\/wp-content\/uploads\/2016\/07\/IMG_2499n-75x50_c.jpg"},"919":{"status":"active","id":919,"attachment_id":919,"src":"http:\/\/gartenfriedhof.de\/wordpress\/wp-content\/uploads\/2016\/07\/IMG_2454n.jpg","title":"IMG_2454n","link":"","alt":"IMG_2454n","caption":"","type":"image","lb_thumb":"https:\/\/gartenfriedhof.de\/wordpress\/wp-content\/uploads\/2016\/07\/IMG_2454n-75x50_c.jpg"},"918":{"status":"active","id":918,"attachment_id":918,"src":"http:\/\/gartenfriedhof.de\/wordpress\/wp-content\/uploads\/2016\/07\/IMG_2404n.jpg","title":"IMG_2404n","link":"","alt":"IMG_2404n","caption":"","type":"image","lb_thumb":"https:\/\/gartenfriedhof.de\/wordpress\/wp-content\/uploads\/2016\/07\/IMG_2404n-75x50_c.jpg"},"917":{"status":"active","id":917,"attachment_id":917,"src":"http:\/\/gartenfriedhof.de\/wordpress\/wp-content\/uploads\/2016\/07\/IMG_2358n-1.jpg","title":"IMG_2358n","link":"","alt":"IMG_2358n","caption":"","type":"image","lb_thumb":"https:\/\/gartenfriedhof.de\/wordpress\/wp-content\/uploads\/2016\/07\/IMG_2358n-1-75x50_c.jpg"},"914":{"status":"active","id":914,"attachment_id":914,"src":"http:\/\/gartenfriedhof.de\/wordpress\/wp-content\/uploads\/2016\/07\/IMG_1527n.jpg","title":"IMG_1527n","link":"","alt":"IMG_1527n","caption":"","type":"image","lb_thumb":"https:\/\/gartenfriedhof.de\/wordpress\/wp-content\/uploads\/2016\/07\/IMG_1527n-75x50_c.jpg"},"912":{"status":"active","id":912,"attachment_id":912,"src":"http:\/\/gartenfriedhof.de\/wordpress\/wp-content\/uploads\/2016\/07\/IMG_1026n.jpg","title":"IMG_1026n","link":"","alt":"IMG_1026n","caption":"","type":"image","lb_thumb":"https:\/\/gartenfriedhof.de\/wordpress\/wp-content\/uploads\/2016\/07\/IMG_1026n-75x50_c.jpg"},"911":{"status":"active","id":911,"attachment_id":911,"src":"http:\/\/gartenfriedhof.de\/wordpress\/wp-content\/uploads\/2016\/07\/IMG_1017n.jpg","title":"IMG_1017n","link":"","alt":"IMG_1017n","caption":"","type":"image","lb_thumb":"https:\/\/gartenfriedhof.de\/wordpress\/wp-content\/uploads\/2016\/07\/IMG_1017n-75x50_c.jpg"},"910":{"status":"active","id":910,"attachment_id":910,"src":"http:\/\/gartenfriedhof.de\/wordpress\/wp-content\/uploads\/2016\/07\/D\u00fchlmeyern.jpg","title":"D\u00fchlmeyern","link":"","alt":"D\u00fchlmeyern","caption":"Der Eichenkranz als Symbol f\u00fcr Verdienst","type":"image","linktab":0,"lb_thumb":"https:\/\/gartenfriedhof.de\/wordpress\/wp-content\/uploads\/2016\/07\/D\u00fchlmeyern-75x50_c.jpg"},"909":{"status":"active","id":909,"attachment_id":909,"src":"http:\/\/gartenfriedhof.de\/wordpress\/wp-content\/uploads\/2016\/07\/Cronen.jpg","title":"Cronen","link":"","alt":"Cronen","caption":"","type":"image","lb_thumb":"https:\/\/gartenfriedhof.de\/wordpress\/wp-content\/uploads\/2016\/07\/Cronen-75x50_c.jpg"},"906":{"status":"active","id":906,"attachment_id":906,"src":"http:\/\/gartenfriedhof.de\/wordpress\/wp-content\/uploads\/2016\/07\/IMG_1046n.jpg","title":"IMG_1046n","link":"","alt":"IMG_1046n","caption":"","type":"image","lb_thumb":"https:\/\/gartenfriedhof.de\/wordpress\/wp-content\/uploads\/2016\/07\/IMG_1046n-75x50_c.jpg"},"905":{"status":"active","id":905,"attachment_id":905,"src":"http:\/\/gartenfriedhof.de\/wordpress\/wp-content\/uploads\/2016\/07\/IMG_1045n.jpg","title":"IMG_1045n","link":"","alt":"IMG_1045n","caption":"","type":"image","lb_thumb":"https:\/\/gartenfriedhof.de\/wordpress\/wp-content\/uploads\/2016\/07\/IMG_1045n-75x50_c.jpg"},"904":{"status":"active","id":904,"attachment_id":904,"src":"http:\/\/gartenfriedhof.de\/wordpress\/wp-content\/uploads\/2016\/07\/IMG_1044n.jpg","title":"IMG_1044n","link":"","alt":"IMG_1044n","caption":"","type":"image","lb_thumb":"https:\/\/gartenfriedhof.de\/wordpress\/wp-content\/uploads\/2016\/07\/IMG_1044n-75x50_c.jpg"},"902":{"status":"active","id":902,"attachment_id":902,"src":"http:\/\/gartenfriedhof.de\/wordpress\/wp-content\/uploads\/2016\/07\/IMG_1038n-1.jpg","title":"IMG_1038n","link":"","alt":"IMG_1038n","caption":"","type":"image","lb_thumb":"https:\/\/gartenfriedhof.de\/wordpress\/wp-content\/uploads\/2016\/07\/IMG_1038n-1-75x50_c.jpg"},"901":{"status":"active","id":901,"attachment_id":901,"src":"http:\/\/gartenfriedhof.de\/wordpress\/wp-content\/uploads\/2016\/07\/IMG_2837n.jpg","title":"IMG_2837n","link":"","alt":"IMG_2837n","caption":"","type":"image","lb_thumb":"https:\/\/gartenfriedhof.de\/wordpress\/wp-content\/uploads\/2016\/07\/IMG_2837n-75x50_c.jpg"},"900":{"status":"active","id":900,"attachment_id":900,"src":"http:\/\/gartenfriedhof.de\/wordpress\/wp-content\/uploads\/2016\/07\/IMG_2734n.jpg","title":"IMG_2734n","link":"","alt":"IMG_2734n","caption":"","type":"image","lb_thumb":"https:\/\/gartenfriedhof.de\/wordpress\/wp-content\/uploads\/2016\/07\/IMG_2734n-75x50_c.jpg"},"899":{"status":"active","id":899,"attachment_id":899,"src":"http:\/\/gartenfriedhof.de\/wordpress\/wp-content\/uploads\/2016\/07\/IMG_2733n.jpg","title":"IMG_2733n","link":"","alt":"IMG_2733n","caption":"<strong>Der Schmetterling als Symbol f\u00fcr Seele und Auferstehung<\/strong>","type":"image","linktab":0,"lb_thumb":"https:\/\/gartenfriedhof.de\/wordpress\/wp-content\/uploads\/2016\/07\/IMG_2733n-75x50_c.jpg"},"898":{"status":"active","id":898,"attachment_id":898,"src":"http:\/\/gartenfriedhof.de\/wordpress\/wp-content\/uploads\/2016\/07\/IMG_2698n.jpg","title":"IMG_2698n","link":"","alt":"IMG_2698n","caption":"<strong>Die Rose als Symbol unsterblicher Freundschaft<\/strong>","type":"image","linktab":0,"lb_thumb":"https:\/\/gartenfriedhof.de\/wordpress\/wp-content\/uploads\/2016\/07\/IMG_2698n-75x50_c.jpg"},"896":{"status":"active","id":896,"attachment_id":896,"src":"http:\/\/gartenfriedhof.de\/wordpress\/wp-content\/uploads\/2016\/07\/IMG_2539n.jpg","title":"IMG_2539n","link":"","alt":"IMG_2539n","caption":"","type":"image","lb_thumb":"https:\/\/gartenfriedhof.de\/wordpress\/wp-content\/uploads\/2016\/07\/IMG_2539n-75x50_c.jpg"},"895":{"status":"active","id":895,"attachment_id":895,"src":"http:\/\/gartenfriedhof.de\/wordpress\/wp-content\/uploads\/2016\/07\/IMG_2467n.jpg","title":"IMG_2467n","link":"","alt":"IMG_2467n","caption":"","type":"image","lb_thumb":"https:\/\/gartenfriedhof.de\/wordpress\/wp-content\/uploads\/2016\/07\/IMG_2467n-75x50_c.jpg"},"892":{"status":"active","id":892,"attachment_id":892,"src":"http:\/\/gartenfriedhof.de\/wordpress\/wp-content\/uploads\/2016\/07\/IMG_2820n.jpg","title":"IMG_2820n","link":"","alt":"IMG_2820n","caption":"","type":"image","lb_thumb":"https:\/\/gartenfriedhof.de\/wordpress\/wp-content\/uploads\/2016\/07\/IMG_2820n-75x50_c.jpg"},"891":{"status":"active","id":891,"attachment_id":891,"src":"http:\/\/gartenfriedhof.de\/wordpress\/wp-content\/uploads\/2016\/07\/IMG_2629n-1.jpg","title":"IMG_2629n","link":"","alt":"IMG_2629n","caption":"","type":"image","lb_thumb":"https:\/\/gartenfriedhof.de\/wordpress\/wp-content\/uploads\/2016\/07\/IMG_2629n-1-75x50_c.jpg"},"890":{"status":"active","id":890,"attachment_id":890,"src":"http:\/\/gartenfriedhof.de\/wordpress\/wp-content\/uploads\/2016\/07\/IMG_2604n.jpg","title":"IMG_2604n","link":"","alt":"IMG_2604n","caption":"","type":"image","lb_thumb":"https:\/\/gartenfriedhof.de\/wordpress\/wp-content\/uploads\/2016\/07\/IMG_2604n-75x50_c.jpg"},"889":{"status":"active","id":889,"attachment_id":889,"src":"http:\/\/gartenfriedhof.de\/wordpress\/wp-content\/uploads\/2016\/07\/IMG_2523n.jpg","title":"IMG_2523n","link":"","alt":"IMG_2523n","caption":"","type":"image","lb_thumb":"https:\/\/gartenfriedhof.de\/wordpress\/wp-content\/uploads\/2016\/07\/IMG_2523n-75x50_c.jpg"},"888":{"status":"active","id":888,"attachment_id":888,"src":"http:\/\/gartenfriedhof.de\/wordpress\/wp-content\/uploads\/2016\/07\/IMG_2466n.jpg","title":"IMG_2466n","link":"","alt":"IMG_2466n","caption":"<strong>Der Schmetterling als Symbol f\u00fcr Seele und Auferstehung<\/strong>","type":"image","linktab":0,"lb_thumb":"https:\/\/gartenfriedhof.de\/wordpress\/wp-content\/uploads\/2016\/07\/IMG_2466n-75x50_c.jpg"},"887":{"status":"active","id":887,"attachment_id":887,"src":"http:\/\/gartenfriedhof.de\/wordpress\/wp-content\/uploads\/2016\/07\/IMG_2358n.jpg","title":"IMG_2358n","link":"","alt":"IMG_2358n","caption":"","type":"image","lb_thumb":"https:\/\/gartenfriedhof.de\/wordpress\/wp-content\/uploads\/2016\/07\/IMG_2358n-75x50_c.jpg"},"886":{"status":"active","id":886,"attachment_id":886,"src":"http:\/\/gartenfriedhof.de\/wordpress\/wp-content\/uploads\/2016\/07\/IMG_1042n-1.jpg","title":"IMG_1042n","link":"","alt":"IMG_1042n","caption":"","type":"image","lb_thumb":"https:\/\/gartenfriedhof.de\/wordpress\/wp-content\/uploads\/2016\/07\/IMG_1042n-1-75x50_c.jpg"},"884":{"status":"active","id":884,"attachment_id":884,"src":"http:\/\/gartenfriedhof.de\/wordpress\/wp-content\/uploads\/2016\/07\/IMG_1005n-3.jpg","title":"IMG_1005n","link":"","alt":"IMG_1005n","caption":"","type":"image","lb_thumb":"https:\/\/gartenfriedhof.de\/wordpress\/wp-content\/uploads\/2016\/07\/IMG_1005n-3-75x50_c.jpg"},"881":{"status":"active","id":881,"attachment_id":881,"src":"http:\/\/gartenfriedhof.de\/wordpress\/wp-content\/uploads\/2016\/07\/IMG_1034n.jpg","title":"IMG_1034n","link":"","alt":"IMG_1034n","caption":"","type":"image","lb_thumb":"https:\/\/gartenfriedhof.de\/wordpress\/wp-content\/uploads\/2016\/07\/IMG_1034n-75x50_c.jpg"},"880":{"status":"active","id":880,"attachment_id":880,"src":"http:\/\/gartenfriedhof.de\/wordpress\/wp-content\/uploads\/2016\/07\/IMG_1029n-1.jpg","title":"IMG_1029n","link":"","alt":"IMG_1029n","caption":"<strong>Die Lilie als Symbol der Reinheit und Unschuld<\/strong>","type":"image","linktab":0,"lb_thumb":"https:\/\/gartenfriedhof.de\/wordpress\/wp-content\/uploads\/2016\/07\/IMG_1029n-1-75x50_c.jpg"},"561":{"status":"active","id":561,"attachment_id":561,"src":"http:\/\/gartenfriedhof.de\/wordpress\/wp-content\/uploads\/2016\/05\/IMG_2469n.jpg","title":"IMG_2469n","link":"","alt":"IMG_2469n","caption":"","type":"image","lb_thumb":"https:\/\/gartenfriedhof.de\/wordpress\/wp-content\/uploads\/2016\/05\/IMG_2469n-75x50_c.jpg"},"550":{"status":"active","id":550,"attachment_id":550,"src":"http:\/\/gartenfriedhof.de\/wordpress\/wp-content\/uploads\/2016\/05\/IMG_1013n.jpg","title":"IMG_1013n","link":"","alt":"IMG_1013n","caption":"<strong>Das Tr\u00e4nenkr\u00fcglein als Symbol f\u00fcr Trauer<\/strong>","type":"image","linktab":0,"lb_thumb":"https:\/\/gartenfriedhof.de\/wordpress\/wp-content\/uploads\/2016\/05\/IMG_1013n-75x50_c.jpg"},"549":{"status":"active","id":549,"attachment_id":549,"src":"http:\/\/gartenfriedhof.de\/wordpress\/wp-content\/uploads\/2016\/05\/IMG_1009n.jpg","title":"IMG_1009n","link":"","alt":"IMG_1009n","caption":"","type":"image","lb_thumb":"https:\/\/gartenfriedhof.de\/wordpress\/wp-content\/uploads\/2016\/05\/IMG_1009n-75x50_c.jpg"},"547":{"status":"active","id":547,"attachment_id":547,"src":"http:\/\/gartenfriedhof.de\/wordpress\/wp-content\/uploads\/2016\/05\/IMG_1000n-1.jpg","title":"IMG_1000n","link":"","alt":"IMG_1000n","caption":"Die Schlange, die sich in den Schwanz bei\u00dft, als Sinnbild f\u00fcr den ewigen Kreislauf zwischen Leben, Tod und Wiedergeburt","type":"image","linktab":0,"lb_thumb":"https:\/\/gartenfriedhof.de\/wordpress\/wp-content\/uploads\/2016\/05\/IMG_1000n-1-75x50_c.jpg"},"542":{"status":"active","id":542,"attachment_id":542,"src":"http:\/\/gartenfriedhof.de\/wordpress\/wp-content\/uploads\/2016\/05\/IMG_1007n.jpg","title":"IMG_1007n","link":"","alt":"IMG_1007n","caption":"","type":"image","lb_thumb":"https:\/\/gartenfriedhof.de\/wordpress\/wp-content\/uploads\/2016\/05\/IMG_1007n-75x50_c.jpg"},"1100":{"status":"active","id":1100,"attachment_id":1100,"src":"http:\/\/gartenfriedhof.de\/wordpress\/wp-content\/uploads\/2020\/03\/DSC06288-scaled.jpg","title":"DSC06288","link":"","alt":"DSC06288","caption":"","type":"image","lb_thumb":"https:\/\/gartenfriedhof.de\/wordpress\/wp-content\/uploads\/2020\/03\/DSC06288-scaled-75x50_c.jpg"},"1096":{"status":"active","id":1096,"attachment_id":1096,"src":"http:\/\/gartenfriedhof.de\/wordpress\/wp-content\/uploads\/2020\/03\/DSC06280-scaled.jpg","title":"DSC06280","link":"","alt":"DSC06280","caption":"","type":"image","lb_thumb":"https:\/\/gartenfriedhof.de\/wordpress\/wp-content\/uploads\/2020\/03\/DSC06280-scaled-75x50_c.jpg"},"1104":{"status":"active","id":1104,"attachment_id":1104,"src":"http:\/\/gartenfriedhof.de\/wordpress\/wp-content\/uploads\/2020\/03\/DSC06293-scaled.jpg","title":"DSC06293","link":"","alt":"DSC06293","caption":"","type":"image","lb_thumb":"https:\/\/gartenfriedhof.de\/wordpress\/wp-content\/uploads\/2020\/03\/DSC06293-scaled-75x50_c.jpg"},"1097":{"status":"active","id":1097,"attachment_id":1097,"src":"http:\/\/gartenfriedhof.de\/wordpress\/wp-content\/uploads\/2020\/03\/DSC06282-scaled.jpg","title":"DSC06282","link":"","alt":"DSC06282","caption":"","type":"image","lb_thumb":"https:\/\/gartenfriedhof.de\/wordpress\/wp-content\/uploads\/2020\/03\/DSC06282-scaled-75x50_c.jpg"}},"status":"publish"},"_links":{"self":[{"href":"https:\/\/gartenfriedhof.de\/wordpress\/wp-json\/wp\/v2\/soliloquy\/1003","targetHints":{"allow":["GET"]}}],"collection":[{"href":"https:\/\/gartenfriedhof.de\/wordpress\/wp-json\/wp\/v2\/soliloquy"}],"about":[{"href":"https:\/\/gartenfriedhof.de\/wordpress\/wp-json\/wp\/v2\/types\/soliloquy"}],"author":[{"embeddable":true,"href":"https:\/\/gartenfriedhof.de\/wordpress\/wp-json\/wp\/v2\/users\/1"}],"wp:attachment":[{"href":"https:\/\/gartenfriedhof.de\/wordpress\/wp-json\/wp\/v2\/media?parent=1003"}],"curies":[{"name":"wp","href":"https:\/\/api.w.org\/{rel}","templated":true}]}}