{"id":1006,"date":"2020-03-24T11:23:53","date_gmt":"2020-03-24T10:23:53","guid":{"rendered":"http:\/\/gartenfriedhof.de\/?post_type=soliloquy&#038;p=1006"},"modified":"2026-04-29T11:31:33","modified_gmt":"2026-04-29T09:31:33","slug":"bilder-vom-gartenfriedhof","status":"publish","type":"soliloquy","link":"https:\/\/gartenfriedhof.de\/wordpress\/?post_type=soliloquy&p=1006","title":{"rendered":"Bilder vom Gartenfriedhof"},"author":1,"template":"","slider_data":{"id":1006,"config":{"type":"default","slider_theme":"metro","slider_width":600,"slider_height":400,"transition":"fade","duration":4000,"speed":400,"gutter":0,"slider":1,"aria_live":"polite","classes":[""],"title":"Bilder vom Gartenfriedhof","slug":"bilder-vom-gartenfriedhof","rtl":0,"slider_size":"default","position":"center","caption_position":"bottom","caption_delay":0,"auto":1,"smooth":1,"dimensions":0,"arrows":1,"control":0,"pauseplay":1,"mobile_caption":0,"hover":0,"pause":1,"mousewheel":1,"mobile":0,"mobile_width":600,"mobile_height":200,"keyboard":1,"css":1,"loop":1,"random":0,"delay":0,"start":0,"autoplay_video":1,"enable_link":0,"sort_order":"manual","custom_css":"","carousel":0,"carousel_width":200,"carousel_height":125,"carousel_margin":10,"carousel_min":1,"carousel_max":1,"carousel_move":1,"mobile_carousel":0,"lightbox":1,"lightbox_theme":"base","lightbox_title":"float","lightbox_arrows":1,"lightbox_keyboard":1,"lightbox_mousewheel":0,"lightbox_aspect":1,"lightbox_loop":1,"lightbox_transition":"fade","lightbox_html5":0,"lightbox_videos":1,"lightbox_thumbs":1,"lightbox_twidth":75,"lightbox_theight":50,"lightbox_tposition":"bottom","lightbox_supersize":1,"mobile_lightbox":0,"thumbnails":0,"thumbnails_width":0,"thumbnails_height":0,"thumbnails_position":"top","thumbnails_margin":0,"thumbnails_num":0,"thumbnails_crop":0,"thumbnails_loop":0,"thumbnails_arrows":0,"mobile_thumbnails":0,"protection":1,"schedule":0,"schedule_start":"1777455000","schedule_end":"1777455000"},"admin_view":"grid","status":"publish","slider":{"1515":{"status":"active","id":1515,"attachment_id":1515,"src":"https:\/\/gartenfriedhof.de\/wordpress\/wp-content\/uploads\/2025\/04\/PXL_20250404_132503181-1-scaled.jpg","title":"PXL_20250404_132503181","link":"","alt":"PXL_20250404_132503181","caption":"","type":"image","lb_thumb":"https:\/\/gartenfriedhof.de\/wordpress\/wp-content\/uploads\/2025\/04\/PXL_20250404_132503181-1-scaled-75x50_c.jpg"},"1516":{"status":"active","id":1516,"attachment_id":1516,"src":"https:\/\/gartenfriedhof.de\/wordpress\/wp-content\/uploads\/2025\/04\/PXL_20250404_133242939-1-scaled.jpg","title":"PXL_20250404_133242939","link":"","alt":"PXL_20250404_133242939","caption":"","type":"image","lb_thumb":"https:\/\/gartenfriedhof.de\/wordpress\/wp-content\/uploads\/2025\/04\/PXL_20250404_133242939-1-scaled-75x50_c.jpg"},"1517":{"status":"active","id":1517,"attachment_id":1517,"src":"https:\/\/gartenfriedhof.de\/wordpress\/wp-content\/uploads\/2025\/04\/PXL_20250404_133046614-scaled.jpg","title":"PXL_20250404_133046614","link":"","alt":"PXL_20250404_133046614","caption":"","type":"image","lb_thumb":"https:\/\/gartenfriedhof.de\/wordpress\/wp-content\/uploads\/2025\/04\/PXL_20250404_133046614-scaled-75x50_c.jpg"},"948":{"status":"active","id":948,"attachment_id":948,"src":"http:\/\/gartenfriedhof.de\/wordpress\/wp-content\/uploads\/2016\/07\/\u00dcbersicht_3n.jpg","title":"\u00dcbersicht_3n","link":"","alt":"\u00dcbersicht_3n","caption":"","type":"image","lb_thumb":"https:\/\/gartenfriedhof.de\/wordpress\/wp-content\/uploads\/2016\/07\/\u00dcbersicht_3n-75x50_c.jpg"},"947":{"status":"active","id":947,"attachment_id":947,"src":"http:\/\/gartenfriedhof.de\/wordpress\/wp-content\/uploads\/2016\/07\/\u00dcberblickn.jpg","title":"\u00dcberblickn","link":"","alt":"\u00dcberblickn","caption":"","type":"image","lb_thumb":"https:\/\/gartenfriedhof.de\/wordpress\/wp-content\/uploads\/2016\/07\/\u00dcberblickn-75x50_c.jpg"},"946":{"status":"active","id":946,"attachment_id":946,"src":"http:\/\/gartenfriedhof.de\/wordpress\/wp-content\/uploads\/2016\/07\/test-630n.jpg","title":"test 630n","link":"","alt":"test 630n","caption":"","type":"image","lb_thumb":"https:\/\/gartenfriedhof.de\/wordpress\/wp-content\/uploads\/2016\/07\/test-630n-75x50_c.jpg"},"945":{"status":"active","id":945,"attachment_id":945,"src":"http:\/\/gartenfriedhof.de\/wordpress\/wp-content\/uploads\/2016\/07\/IMG_3121.jpg","title":"IMG_3121","link":"","alt":"IMG_3121","caption":"","type":"image","lb_thumb":"https:\/\/gartenfriedhof.de\/wordpress\/wp-content\/uploads\/2016\/07\/IMG_3121-75x50_c.jpg"},"944":{"status":"active","id":944,"attachment_id":944,"src":"http:\/\/gartenfriedhof.de\/wordpress\/wp-content\/uploads\/2016\/07\/IMG_3111n.jpg","title":"IMG_3111n","link":"","alt":"IMG_3111n","caption":"","type":"image","linktab":0,"lb_thumb":"https:\/\/gartenfriedhof.de\/wordpress\/wp-content\/uploads\/2016\/07\/IMG_3111n-75x50_c.jpg"},"943":{"status":"active","id":943,"attachment_id":943,"src":"http:\/\/gartenfriedhof.de\/wordpress\/wp-content\/uploads\/2016\/07\/IMG_3097n.jpg","title":"IMG_3097n","link":"","alt":"IMG_3097n","caption":"","type":"image","lb_thumb":"https:\/\/gartenfriedhof.de\/wordpress\/wp-content\/uploads\/2016\/07\/IMG_3097n-75x50_c.jpg"},"942":{"status":"active","id":942,"attachment_id":942,"src":"http:\/\/gartenfriedhof.de\/wordpress\/wp-content\/uploads\/2016\/07\/IMG_2880n.jpg","title":"IMG_2880n","link":"","alt":"IMG_2880n","caption":"","type":"image","lb_thumb":"https:\/\/gartenfriedhof.de\/wordpress\/wp-content\/uploads\/2016\/07\/IMG_2880n-75x50_c.jpg"},"941":{"status":"active","id":941,"attachment_id":941,"src":"http:\/\/gartenfriedhof.de\/wordpress\/wp-content\/uploads\/2016\/07\/IMG_2671n.jpg","title":"IMG_2671n","link":"","alt":"IMG_2671n","caption":"","type":"image","lb_thumb":"https:\/\/gartenfriedhof.de\/wordpress\/wp-content\/uploads\/2016\/07\/IMG_2671n-75x50_c.jpg"},"939":{"status":"active","id":939,"attachment_id":939,"src":"http:\/\/gartenfriedhof.de\/wordpress\/wp-content\/uploads\/2016\/07\/IMG_2550n.jpg","title":"IMG_2550n","link":"","alt":"IMG_2550n","caption":"","type":"image","lb_thumb":"https:\/\/gartenfriedhof.de\/wordpress\/wp-content\/uploads\/2016\/07\/IMG_2550n-75x50_c.jpg"},"937":{"status":"active","id":937,"attachment_id":937,"src":"http:\/\/gartenfriedhof.de\/wordpress\/wp-content\/uploads\/2016\/07\/IMG_2365n.jpg","title":"IMG_2365n","link":"","alt":"IMG_2365n","caption":"","type":"image","lb_thumb":"https:\/\/gartenfriedhof.de\/wordpress\/wp-content\/uploads\/2016\/07\/IMG_2365n-75x50_c.jpg"},"935":{"status":"active","id":935,"attachment_id":935,"src":"http:\/\/gartenfriedhof.de\/wordpress\/wp-content\/uploads\/2016\/07\/IMG_2343n.jpg","title":"IMG_2343n","link":"","alt":"IMG_2343n","caption":"","type":"image","lb_thumb":"https:\/\/gartenfriedhof.de\/wordpress\/wp-content\/uploads\/2016\/07\/IMG_2343n-75x50_c.jpg"},"930":{"status":"active","id":930,"attachment_id":930,"src":"http:\/\/gartenfriedhof.de\/wordpress\/wp-content\/uploads\/2016\/07\/IMG_0718n.jpg","title":"IMG_0718","link":"","alt":"IMG_0718","caption":"","type":"image","lb_thumb":"https:\/\/gartenfriedhof.de\/wordpress\/wp-content\/uploads\/2016\/07\/IMG_0718n-75x50_c.jpg"},"929":{"status":"active","id":929,"attachment_id":929,"src":"http:\/\/gartenfriedhof.de\/wordpress\/wp-content\/uploads\/2016\/07\/IMG_0712n.jpg","title":"IMG_0712","link":"","alt":"IMG_0712","caption":"","type":"image","lb_thumb":"https:\/\/gartenfriedhof.de\/wordpress\/wp-content\/uploads\/2016\/07\/IMG_0712n-75x50_c.jpg"},"928":{"status":"active","id":928,"attachment_id":928,"src":"http:\/\/gartenfriedhof.de\/wordpress\/wp-content\/uploads\/2016\/07\/IMG_0708n.jpg","title":"IMG_0708","link":"","alt":"IMG_0708","caption":"","type":"image","lb_thumb":"https:\/\/gartenfriedhof.de\/wordpress\/wp-content\/uploads\/2016\/07\/IMG_0708n-75x50_c.jpg"},"927":{"status":"active","id":927,"attachment_id":927,"src":"http:\/\/gartenfriedhof.de\/wordpress\/wp-content\/uploads\/2016\/07\/IMG_0705n.jpg","title":"IMG_0705","link":"","alt":"IMG_0705","caption":"","type":"image","lb_thumb":"https:\/\/gartenfriedhof.de\/wordpress\/wp-content\/uploads\/2016\/07\/IMG_0705n-75x50_c.jpg"},"926":{"status":"active","id":926,"attachment_id":926,"src":"http:\/\/gartenfriedhof.de\/wordpress\/wp-content\/uploads\/2016\/07\/IMG_0701n.jpg","title":"IMG_0701","link":"","alt":"IMG_0701","caption":"","type":"image","lb_thumb":"https:\/\/gartenfriedhof.de\/wordpress\/wp-content\/uploads\/2016\/07\/IMG_0701n-75x50_c.jpg"},"874":{"status":"active","id":874,"attachment_id":874,"src":"http:\/\/gartenfriedhof.de\/wordpress\/wp-content\/uploads\/2016\/07\/IMG_1080n.jpg","title":"IMG_1080n","link":"","alt":"IMG_1080n","caption":"","type":"image","lb_thumb":"https:\/\/gartenfriedhof.de\/wordpress\/wp-content\/uploads\/2016\/07\/IMG_1080n-75x50_c.jpg"},"873":{"status":"active","id":873,"attachment_id":873,"src":"http:\/\/gartenfriedhof.de\/wordpress\/wp-content\/uploads\/2016\/07\/IMG_0994n.jpg","title":"IMG_0994n","link":"","alt":"IMG_0994n","caption":"","type":"image","lb_thumb":"https:\/\/gartenfriedhof.de\/wordpress\/wp-content\/uploads\/2016\/07\/IMG_0994n-75x50_c.jpg"},"577":{"status":"active","id":577,"attachment_id":577,"src":"http:\/\/gartenfriedhof.de\/wordpress\/wp-content\/uploads\/2016\/05\/\u00dcbersicht_3n.jpg","title":"\u00dcbersicht_3n","link":"","alt":"\u00dcbersicht_3n","caption":"","type":"image","lb_thumb":"https:\/\/gartenfriedhof.de\/wordpress\/wp-content\/uploads\/2016\/05\/\u00dcbersicht_3n-75x50_c.jpg"},"576":{"status":"active","id":576,"attachment_id":576,"src":"http:\/\/gartenfriedhof.de\/wordpress\/wp-content\/uploads\/2016\/05\/\u00dcberblickn.jpg","title":"\u00dcberblickn","link":"","alt":"\u00dcberblickn","caption":"","type":"image","lb_thumb":"https:\/\/gartenfriedhof.de\/wordpress\/wp-content\/uploads\/2016\/05\/\u00dcberblickn-75x50_c.jpg"},"575":{"status":"active","id":575,"attachment_id":575,"src":"http:\/\/gartenfriedhof.de\/wordpress\/wp-content\/uploads\/2016\/05\/U-1n.jpg","title":"U 1n","link":"","alt":"U 1n","caption":"","type":"image","lb_thumb":"https:\/\/gartenfriedhof.de\/wordpress\/wp-content\/uploads\/2016\/05\/U-1n-75x50_c.jpg"},"573":{"status":"active","id":573,"attachment_id":573,"src":"http:\/\/gartenfriedhof.de\/wordpress\/wp-content\/uploads\/2016\/05\/IMG_5449n.jpg","title":"IMG_5449n","link":"","alt":"IMG_5449n","caption":"","type":"image","lb_thumb":"https:\/\/gartenfriedhof.de\/wordpress\/wp-content\/uploads\/2016\/05\/IMG_5449n-75x50_c.jpg"},"566":{"status":"active","id":566,"attachment_id":566,"src":"http:\/\/gartenfriedhof.de\/wordpress\/wp-content\/uploads\/2016\/05\/IMG_3693n.jpg","title":"IMG_3693n","link":"","alt":"IMG_3693n","caption":"","type":"image","lb_thumb":"https:\/\/gartenfriedhof.de\/wordpress\/wp-content\/uploads\/2016\/05\/IMG_3693n-75x50_c.jpg"},"565":{"status":"active","id":565,"attachment_id":565,"src":"http:\/\/gartenfriedhof.de\/wordpress\/wp-content\/uploads\/2016\/05\/IMG_3121.jpg","title":"IMG_3121","link":"","alt":"IMG_3121","caption":"","type":"image","lb_thumb":"https:\/\/gartenfriedhof.de\/wordpress\/wp-content\/uploads\/2016\/05\/IMG_3121-75x50_c.jpg"},"564":{"status":"active","id":564,"attachment_id":564,"src":"http:\/\/gartenfriedhof.de\/wordpress\/wp-content\/uploads\/2016\/05\/IMG_2671n.jpg","title":"IMG_2671n","link":"","alt":"IMG_2671n","caption":"","type":"image","lb_thumb":"https:\/\/gartenfriedhof.de\/wordpress\/wp-content\/uploads\/2016\/05\/IMG_2671n-75x50_c.jpg"},"563":{"status":"active","id":563,"attachment_id":563,"src":"http:\/\/gartenfriedhof.de\/wordpress\/wp-content\/uploads\/2016\/05\/IMG_2550n.jpg","title":"IMG_2550n","link":"","alt":"IMG_2550n","caption":"","type":"image","lb_thumb":"https:\/\/gartenfriedhof.de\/wordpress\/wp-content\/uploads\/2016\/05\/IMG_2550n-75x50_c.jpg"},"562":{"status":"active","id":562,"attachment_id":562,"src":"http:\/\/gartenfriedhof.de\/wordpress\/wp-content\/uploads\/2016\/05\/IMG_2549n.jpg","title":"IMG_2549n","link":"","alt":"IMG_2549n","caption":"","type":"image","lb_thumb":"https:\/\/gartenfriedhof.de\/wordpress\/wp-content\/uploads\/2016\/05\/IMG_2549n-75x50_c.jpg"},"556":{"status":"active","id":556,"attachment_id":556,"src":"http:\/\/gartenfriedhof.de\/wordpress\/wp-content\/uploads\/2016\/05\/IMG_1089n.jpg","title":"IMG_1089n","link":"","alt":"IMG_1089n","caption":"","type":"image","lb_thumb":"https:\/\/gartenfriedhof.de\/wordpress\/wp-content\/uploads\/2016\/05\/IMG_1089n-75x50_c.jpg"},"555":{"status":"active","id":555,"attachment_id":555,"src":"http:\/\/gartenfriedhof.de\/wordpress\/wp-content\/uploads\/2016\/05\/IMG_1081n.jpg","title":"IMG_1081n","link":"","alt":"IMG_1081n","caption":"","type":"image","lb_thumb":"https:\/\/gartenfriedhof.de\/wordpress\/wp-content\/uploads\/2016\/05\/IMG_1081n-75x50_c.jpg"},"553":{"status":"active","id":553,"attachment_id":553,"src":"http:\/\/gartenfriedhof.de\/wordpress\/wp-content\/uploads\/2016\/05\/IMG_1075n.jpg","title":"IMG_1075n","link":"","alt":"IMG_1075n","caption":"","type":"image","lb_thumb":"https:\/\/gartenfriedhof.de\/wordpress\/wp-content\/uploads\/2016\/05\/IMG_1075n-75x50_c.jpg"},"552":{"status":"active","id":552,"attachment_id":552,"src":"http:\/\/gartenfriedhof.de\/wordpress\/wp-content\/uploads\/2016\/05\/IMG_1052n.jpg","title":"IMG_1052n","link":"","alt":"IMG_1052n","caption":"","type":"image","lb_thumb":"https:\/\/gartenfriedhof.de\/wordpress\/wp-content\/uploads\/2016\/05\/IMG_1052n-75x50_c.jpg"},"545":{"status":"active","id":545,"attachment_id":545,"src":"http:\/\/gartenfriedhof.de\/wordpress\/wp-content\/uploads\/2016\/05\/IMG_0994n.jpg","title":"IMG_0994n","link":"","alt":"IMG_0994n","caption":"","type":"image","lb_thumb":"https:\/\/gartenfriedhof.de\/wordpress\/wp-content\/uploads\/2016\/05\/IMG_0994n-75x50_c.jpg"},"544":{"status":"active","id":544,"attachment_id":544,"src":"http:\/\/gartenfriedhof.de\/wordpress\/wp-content\/uploads\/2016\/05\/Grotefend_153n.jpg","title":"Grotefend_153n","link":"","alt":"Grotefend_153n","caption":"","type":"image","lb_thumb":"https:\/\/gartenfriedhof.de\/wordpress\/wp-content\/uploads\/2016\/05\/Grotefend_153n-75x50_c.jpg"},"540":{"status":"active","id":540,"attachment_id":540,"src":"http:\/\/gartenfriedhof.de\/wordpress\/wp-content\/uploads\/2016\/05\/IMG_0998n.jpg","title":"IMG_0998n","link":"","alt":"IMG_0998n","caption":"","type":"image","lb_thumb":"https:\/\/gartenfriedhof.de\/wordpress\/wp-content\/uploads\/2016\/05\/IMG_0998n-75x50_c.jpg"},"507":{"status":"active","id":507,"attachment_id":507,"src":"http:\/\/gartenfriedhof.de\/wordpress\/wp-content\/uploads\/2016\/04\/IMG_5449n.jpg","title":"IMG_5449n","link":"","alt":"IMG_5449n","caption":"","type":"image","lb_thumb":"https:\/\/gartenfriedhof.de\/wordpress\/wp-content\/uploads\/2016\/04\/IMG_5449n-75x50_c.jpg"},"1093":{"status":"active","id":1093,"attachment_id":1093,"src":"http:\/\/gartenfriedhof.de\/wordpress\/wp-content\/uploads\/2020\/03\/DSC06276-scaled.jpg","title":"DSC06276","link":"","alt":"DSC06276","caption":"","type":"image","lb_thumb":"https:\/\/gartenfriedhof.de\/wordpress\/wp-content\/uploads\/2020\/03\/DSC06276-scaled-75x50_c.jpg"},"1092":{"status":"active","id":1092,"attachment_id":1092,"src":"http:\/\/gartenfriedhof.de\/wordpress\/wp-content\/uploads\/2020\/03\/DSC06275-scaled.jpg","title":"DSC06275","link":"","alt":"DSC06275","caption":"","type":"image","lb_thumb":"https:\/\/gartenfriedhof.de\/wordpress\/wp-content\/uploads\/2020\/03\/DSC06275-scaled-75x50_c.jpg"},"1091":{"status":"active","id":1091,"attachment_id":1091,"src":"http:\/\/gartenfriedhof.de\/wordpress\/wp-content\/uploads\/2020\/03\/DSC06274-scaled.jpg","title":"DSC06274","link":"","alt":"DSC06274","caption":"","type":"image","lb_thumb":"https:\/\/gartenfriedhof.de\/wordpress\/wp-content\/uploads\/2020\/03\/DSC06274-scaled-75x50_c.jpg"},"1090":{"status":"active","id":1090,"attachment_id":1090,"src":"http:\/\/gartenfriedhof.de\/wordpress\/wp-content\/uploads\/2020\/03\/DSC06272-scaled.jpg","title":"DSC06272","link":"","alt":"DSC06272","caption":"","type":"image","lb_thumb":"https:\/\/gartenfriedhof.de\/wordpress\/wp-content\/uploads\/2020\/03\/DSC06272-scaled-75x50_c.jpg"},"1089":{"status":"active","id":1089,"attachment_id":1089,"src":"http:\/\/gartenfriedhof.de\/wordpress\/wp-content\/uploads\/2020\/03\/DSC06271-scaled.jpg","title":"DSC06271","link":"","alt":"DSC06271","caption":"","type":"image","lb_thumb":"https:\/\/gartenfriedhof.de\/wordpress\/wp-content\/uploads\/2020\/03\/DSC06271-scaled-75x50_c.jpg"},"1088":{"status":"active","id":1088,"attachment_id":1088,"src":"http:\/\/gartenfriedhof.de\/wordpress\/wp-content\/uploads\/2020\/03\/DSC06270-scaled.jpg","title":"DSC06270","link":"","alt":"DSC06270","caption":"M\u00e4rz 2020","type":"image","lb_thumb":"https:\/\/gartenfriedhof.de\/wordpress\/wp-content\/uploads\/2020\/03\/DSC06270-scaled-75x50_c.jpg"},"933":{"status":"active","id":933,"attachment_id":933,"src":"http:\/\/gartenfriedhof.de\/wordpress\/wp-content\/uploads\/2016\/07\/IMG_1067n.jpg","title":"IMG_1067n","link":"","alt":"IMG_1067n","caption":"Juli 2016","type":"image","lb_thumb":"https:\/\/gartenfriedhof.de\/wordpress\/wp-content\/uploads\/2016\/07\/IMG_1067n-75x50_c.jpg"},"1082":{"status":"active","id":1082,"attachment_id":1082,"src":"http:\/\/gartenfriedhof.de\/wordpress\/wp-content\/uploads\/2020\/03\/DSC06260-scaled.jpg","title":"DSC06260","link":"","alt":"DSC06260","caption":"","type":"image","lb_thumb":"https:\/\/gartenfriedhof.de\/wordpress\/wp-content\/uploads\/2020\/03\/DSC06260-scaled-75x50_c.jpg"},"1083":{"status":"active","id":1083,"attachment_id":1083,"src":"http:\/\/gartenfriedhof.de\/wordpress\/wp-content\/uploads\/2020\/03\/DSC06261-1-scaled.jpg","title":"DSC06261","link":"","alt":"DSC06261","caption":"","type":"image","lb_thumb":"https:\/\/gartenfriedhof.de\/wordpress\/wp-content\/uploads\/2020\/03\/DSC06261-1-scaled-75x50_c.jpg"},"1073":{"status":"active","id":1073,"attachment_id":1073,"src":"http:\/\/gartenfriedhof.de\/wordpress\/wp-content\/uploads\/2020\/03\/DSC06247-1-scaled.jpg","title":"DSC06247","link":"","alt":"DSC06247","caption":"","type":"image","lb_thumb":"https:\/\/gartenfriedhof.de\/wordpress\/wp-content\/uploads\/2020\/03\/DSC06247-1-scaled-75x50_c.jpg"},"1116":{"status":"active","id":1116,"attachment_id":1116,"src":"http:\/\/gartenfriedhof.de\/wordpress\/wp-content\/uploads\/2020\/03\/DSC06308-scaled.jpg","title":"DSC06308","link":"","alt":"DSC06308","caption":"","type":"image","lb_thumb":"https:\/\/gartenfriedhof.de\/wordpress\/wp-content\/uploads\/2020\/03\/DSC06308-scaled-75x50_c.jpg"},"1072":{"status":"active","id":1072,"attachment_id":1072,"src":"http:\/\/gartenfriedhof.de\/wordpress\/wp-content\/uploads\/2020\/03\/DSC06246-1-scaled.jpg","title":"DSC06246","link":"","alt":"DSC06246","caption":"","type":"image","lb_thumb":"https:\/\/gartenfriedhof.de\/wordpress\/wp-content\/uploads\/2020\/03\/DSC06246-1-scaled-75x50_c.jpg"},"1094":{"status":"active","id":1094,"attachment_id":1094,"src":"http:\/\/gartenfriedhof.de\/wordpress\/wp-content\/uploads\/2020\/03\/DSC06277-scaled.jpg","title":"DSC06277","link":"","alt":"DSC06277","caption":"","type":"image","lb_thumb":"https:\/\/gartenfriedhof.de\/wordpress\/wp-content\/uploads\/2020\/03\/DSC06277-scaled-75x50_c.jpg"},"1224":{"status":"active","id":1224,"attachment_id":1224,"src":"https:\/\/gartenfriedhof.de\/wordpress\/wp-content\/uploads\/2021\/04\/DSC00575_Bildgroesse-aendern-1.jpg","title":"DSC00575_Bildgr\u00f6\u00dfe \u00e4ndern","link":"","alt":"DSC00575_Bildgr\u00f6\u00dfe \u00e4ndern","caption":"","type":"image","lb_thumb":"https:\/\/gartenfriedhof.de\/wordpress\/wp-content\/uploads\/2021\/04\/DSC00575_Bildgroesse-aendern-1-75x50_c.jpg"},"1226":{"status":"active","id":1226,"attachment_id":1226,"src":"https:\/\/gartenfriedhof.de\/wordpress\/wp-content\/uploads\/2021\/04\/DSC00578_Bildgroesse-aendern-1.jpg","title":"DSC00578_Bildgr\u00f6\u00dfe \u00e4ndern","link":"","alt":"DSC00578_Bildgr\u00f6\u00dfe \u00e4ndern","caption":"","type":"image","lb_thumb":"https:\/\/gartenfriedhof.de\/wordpress\/wp-content\/uploads\/2021\/04\/DSC00578_Bildgroesse-aendern-1-75x50_c.jpg"},"1236":{"status":"active","id":1236,"attachment_id":1236,"src":"https:\/\/gartenfriedhof.de\/wordpress\/wp-content\/uploads\/2021\/04\/DSC00564_Bildgroesse-aendern-1.jpg","title":"DSC00564_Bildgr\u00f6\u00dfe \u00e4ndern","link":"","alt":"DSC00564_Bildgr\u00f6\u00dfe \u00e4ndern","caption":"","type":"image","lb_thumb":"https:\/\/gartenfriedhof.de\/wordpress\/wp-content\/uploads\/2021\/04\/DSC00564_Bildgroesse-aendern-1-75x50_c.jpg"},"1237":{"status":"active","id":1237,"attachment_id":1237,"src":"https:\/\/gartenfriedhof.de\/wordpress\/wp-content\/uploads\/2021\/04\/DSC00566_Bildgroesse-aendern-1.jpg","title":"DSC00566_Bildgr\u00f6\u00dfe \u00e4ndern","link":"","alt":"DSC00566_Bildgr\u00f6\u00dfe \u00e4ndern","caption":"","type":"image","lb_thumb":"https:\/\/gartenfriedhof.de\/wordpress\/wp-content\/uploads\/2021\/04\/DSC00566_Bildgroesse-aendern-1-75x50_c.jpg"},"1238":{"status":"active","id":1238,"attachment_id":1238,"src":"https:\/\/gartenfriedhof.de\/wordpress\/wp-content\/uploads\/2021\/04\/DSC00569_Bildgroesse-aendern-1.jpg","title":"DSC00569_Bildgr\u00f6\u00dfe \u00e4ndern","link":"","alt":"DSC00569_Bildgr\u00f6\u00dfe \u00e4ndern","caption":"","type":"image","lb_thumb":"https:\/\/gartenfriedhof.de\/wordpress\/wp-content\/uploads\/2021\/04\/DSC00569_Bildgroesse-aendern-1-75x50_c.jpg"},"1239":{"status":"active","id":1239,"attachment_id":1239,"src":"https:\/\/gartenfriedhof.de\/wordpress\/wp-content\/uploads\/2021\/04\/DSC00577_Bildgroesse-aendern-1.jpg","title":"DSC00577_Bildgr\u00f6\u00dfe \u00e4ndern","link":"","alt":"DSC00577_Bildgr\u00f6\u00dfe \u00e4ndern","caption":"","type":"image","lb_thumb":"https:\/\/gartenfriedhof.de\/wordpress\/wp-content\/uploads\/2021\/04\/DSC00577_Bildgroesse-aendern-1-75x50_c.jpg"},"1241":{"status":"active","id":1241,"attachment_id":1241,"src":"https:\/\/gartenfriedhof.de\/wordpress\/wp-content\/uploads\/2021\/04\/DSC00581_Bildgroesse-aendern-1.jpg","title":"DSC00581_Bildgr\u00f6\u00dfe \u00e4ndern","link":"","alt":"DSC00581_Bildgr\u00f6\u00dfe \u00e4ndern","caption":"","type":"image","lb_thumb":"https:\/\/gartenfriedhof.de\/wordpress\/wp-content\/uploads\/2021\/04\/DSC00581_Bildgroesse-aendern-1-75x50_c.jpg"},"1347":{"status":"active","id":1347,"attachment_id":1347,"src":"https:\/\/gartenfriedhof.de\/wordpress\/wp-content\/uploads\/2025\/03\/DSC07220.jpg","title":"DSC07220","link":"","alt":"DSC07220","caption":"","type":"image","lb_thumb":"https:\/\/gartenfriedhof.de\/wordpress\/wp-content\/uploads\/2025\/03\/DSC07220-75x50_c.jpg"},"1548":{"status":"active","id":1548,"attachment_id":1548,"src":"https:\/\/gartenfriedhof.de\/wordpress\/wp-content\/uploads\/2020\/03\/DSC07234-scaled.jpg","title":"DSC07234","link":"","alt":"DSC07234","caption":"","type":"image","lb_thumb":"https:\/\/gartenfriedhof.de\/wordpress\/wp-content\/uploads\/2020\/03\/DSC07234-scaled-75x50_c.jpg"}}},"_links":{"self":[{"href":"https:\/\/gartenfriedhof.de\/wordpress\/wp-json\/wp\/v2\/soliloquy\/1006","targetHints":{"allow":["GET"]}}],"collection":[{"href":"https:\/\/gartenfriedhof.de\/wordpress\/wp-json\/wp\/v2\/soliloquy"}],"about":[{"href":"https:\/\/gartenfriedhof.de\/wordpress\/wp-json\/wp\/v2\/types\/soliloquy"}],"author":[{"embeddable":true,"href":"https:\/\/gartenfriedhof.de\/wordpress\/wp-json\/wp\/v2\/users\/1"}],"wp:attachment":[{"href":"https:\/\/gartenfriedhof.de\/wordpress\/wp-json\/wp\/v2\/media?parent=1006"}],"curies":[{"name":"wp","href":"https:\/\/api.w.org\/{rel}","templated":true}]}}