{"id":752,"date":"2016-06-23T21:30:30","date_gmt":"2016-06-23T19:30:30","guid":{"rendered":"http:\/\/hans-gerrit.de\/?post_type=soliloquy&#038;p=752"},"modified":"2026-04-30T23:03:10","modified_gmt":"2026-04-30T21:03:10","slug":"test","status":"publish","type":"soliloquy","link":"https:\/\/gartenfriedhof.de\/wordpress\/?post_type=soliloquy&p=752","title":{"rendered":"Historische Bilder"},"author":1,"template":"","slider_data":{"id":752,"config":{"type":"default","slider_theme":"metro","slider_width":600,"slider_height":400,"transition":"fade","duration":4000,"speed":400,"gutter":200,"slider":1,"aria_live":"polite","classes":[""],"title":"Testbild 1","slug":"test","rtl":0,"slider_size":"default","position":"center","caption_position":"bottom","caption_delay":0,"auto":1,"smooth":1,"dimensions":0,"arrows":1,"control":0,"pauseplay":1,"mobile_caption":0,"hover":1,"pause":0,"mousewheel":1,"mobile":1,"mobile_width":600,"mobile_height":200,"keyboard":1,"css":1,"loop":1,"random":0,"delay":0,"start":0,"autoplay_video":1,"enable_link":0,"sort_order":"manual","custom_css":"","carousel":0,"carousel_width":200,"carousel_height":125,"carousel_margin":10,"carousel_min":3,"carousel_max":3,"carousel_move":1,"mobile_carousel":0,"lightbox":0,"lightbox_theme":"metro","lightbox_title":"inside","lightbox_arrows":0,"lightbox_keyboard":0,"lightbox_mousewheel":0,"lightbox_aspect":1,"lightbox_loop":0,"lightbox_transition":"fade","lightbox_html5":1,"lightbox_videos":0,"lightbox_thumbs":0,"lightbox_twidth":75,"lightbox_theight":50,"lightbox_tposition":"bottom","lightbox_supersize":1,"mobile_lightbox":0,"thumbnails":0,"thumbnails_width":0,"thumbnails_height":0,"thumbnails_position":"top","thumbnails_margin":0,"thumbnails_num":0,"thumbnails_crop":0,"thumbnails_loop":0,"thumbnails_arrows":0,"mobile_thumbnails":0,"protection":0,"schedule":0,"schedule_start":"1777582980","schedule_end":"1777582980"},"status":"publish","slider":{"814":{"status":"active","id":"814","attachment_id":814,"src":"http:\/\/hans-gerrit.de\/wordpress\/wp-content\/uploads\/2016\/06\/003681_neu-1.jpg","title":"003681_neu","link":"","alt":"Gartenkirche, Stadtsilhouette","caption":"Gouache von J. Elias Kasten, um 1820: Hannover von Osten.\nVon der S\u00fcdwestecke des sp\u00e4teren Zoos oder von einem T\u00fcmpel auf der Bult zur Stadt verl\u00e4uft der Blick. Im Vordergrund sieht man ein kleines Wasser nebst\nNiederungsgebiet. Den Mittelgrund nimmt die zart blaugrau get\u00f6nte Silhouette der Stadt mit ihren T\u00fcrmen und D\u00e4chern ein. Vor einem gelblichen Himmel auf dem Windm\u00fchlenberge steht noch die alte Windm\u00fchle. Am rechten Bildrand befindet sich das Pulvermagazin I, das schon auf einer Karte des Staatsarchives von 1780 zu sehen ist. Am linken Bildrand steht die alte Gartenkirche, rechts davon das gro\u00dfe Pulvermagazin II, das auf der erw\u00e4hnten Karte von 1780 noch nicht vorhanden ist. Der Vordergrund wird durch zwei Holzsammler und Spazierg\u00e4nger belebt. Hinter der Stadt sind H\u00f6henz\u00fcge. \n\u00a9 Historisches Museum Hannover","type":"image","linktab":0,"custom_css_classes":"","lb_thumb":"https:\/\/gartenfriedhof.de\/wordpress\/wp-content\/uploads\/2016\/06\/003681_neu-1-75x50_c.jpg"},"802":{"status":"active","id":"802","attachment_id":802,"src":"http:\/\/hans-gerrit.de\/wordpress\/wp-content\/uploads\/2016\/06\/002105-1.jpg","title":"002105","link":"","alt":"Gartenkirche, Aegi","caption":"Aegidientorplatz, Blick in die Marienstra\u00dfe mit Gartenkirche, Foto nach 1895, \u00a9 Historisches Museum Hannover","type":"image","linktab":0,"lb_thumb":"https:\/\/gartenfriedhof.de\/wordpress\/wp-content\/uploads\/2016\/06\/002105-1-75x50_c.jpg"},"803":{"status":"active","id":"803","attachment_id":803,"src":"http:\/\/hans-gerrit.de\/wordpress\/wp-content\/uploads\/2016\/06\/038219-1.jpg","title":"038219","link":"","alt":"Gartenkirche, Wolfsgraben","caption":"Die alte Gartenkirche um 1840. Im Vordergrund der Wolfsgraben vom\nAegidientor zum Pferdeturm, zusammen mit dem Schiffgraben Teil des schiffbaren Grabensystems, seit 1863 \u00fcberw\u00f6lbt. Fotoreproduktion eines \u00d6lgem\u00e4ldes von G. Wein, \u00a9 Historisches Museum Hannover","type":"image","linktab":0,"lb_thumb":"https:\/\/gartenfriedhof.de\/wordpress\/wp-content\/uploads\/2016\/06\/038219-1-75x50_c.jpg"},"808":{"status":"active","id":"808","attachment_id":808,"src":"http:\/\/hans-gerrit.de\/wordpress\/wp-content\/uploads\/2016\/06\/022517.jpg","title":"022517","link":"","alt":"Gartenkirche, Heumann","caption":"Gartenkirche St. Marien. Vorg\u00e4ngerbau 1746-49 von Joh. Paul Heumann. Turmloser Saalbau, erste Kirche der Gartengemeinde vor dem Aegidientor. Foto: 1880, \u00a9 Historisches Museum Hannover","type":"image","linktab":0,"lb_thumb":"https:\/\/gartenfriedhof.de\/wordpress\/wp-content\/uploads\/2016\/06\/022517-75x50_c.jpg"},"774":{"status":"active","src":"http:\/\/hans-gerrit.de\/wordpress\/wp-content\/uploads\/2016\/06\/024170.jpg","title":"024170","link":"","alt":"024170","caption":"Gartenkirche St.Marien. 1746-49 von Paul Heumann erbaut, 1886 abgebrochen). R\u00fcckseite mit Gartenkirchhof \/\nGartenfriedhof. Deutlich erkennbar die dichte Belegung\nund das Fehlen eines Wegerasters auf dem 1741\ner\u00f6ffneten ersten kommunalen Friedhof Hannovers. Foto, vor 1886. \n\u00a9 Historisches Museum Hannover","type":"image","linktab":0,"id":774,"attachment_id":774,"lb_thumb":"https:\/\/gartenfriedhof.de\/wordpress\/wp-content\/uploads\/2016\/06\/024170-75x50_c.jpg"},"791":{"status":"active","src":"http:\/\/hans-gerrit.de\/wordpress\/wp-content\/uploads\/2016\/06\/038208.jpg","title":"038208","link":"","alt":"038208","caption":"Friedhofsg\u00e4rtner-Wohnhaus auf dem Gartenkirchhof,\nerbaut 1849\u201c, im Hintergrund Heckengang. Foto um 1885. \n\u00a9 Landeshauptstadt Hannover","type":"image","linktab":0,"id":791,"attachment_id":791,"lb_thumb":"https:\/\/gartenfriedhof.de\/wordpress\/wp-content\/uploads\/2016\/06\/038208-75x50_c.jpg"},"792":{"status":"active","src":"http:\/\/hans-gerrit.de\/wordpress\/wp-content\/uploads\/2016\/06\/038209.jpg","title":"038209","link":"","alt":"038209","caption":"Stadtplan mit Friedhofsg\u00e4rtner-Wohnhaus auf dem Gartenkirchhof,\n\u00a9 Landeshauptstadt Hannover","type":"image","linktab":0,"id":792,"attachment_id":792,"lb_thumb":"https:\/\/gartenfriedhof.de\/wordpress\/wp-content\/uploads\/2016\/06\/038209-75x50_c.jpg"},"804":{"status":"active","id":"804","attachment_id":804,"src":"http:\/\/hans-gerrit.de\/wordpress\/wp-content\/uploads\/2016\/06\/026039.jpg","title":"026039","link":"","alt":"026039","caption":"Das ge\u00f6ffnete Grab der Henriette Juliane Caroline von R\u00fcling (1782 im Alter von 27 Jahren an Schwindsucht gestorben). Es tr\u00e4gt die Inschrift: Dieses auf ewig gekaufte Begr\u00e4bnis darf niemals ge\u00f6ffnet werden. Im Laufe der Jahre hat jedoch eine zwischen Sockel und Deckstein herauswachsende Birke den Stein angehoben. Eine der fr\u00fchen Touristenattraktion in Hannover. \u00a9 Historisches Museum Hannover","type":"image","linktab":0,"lb_thumb":"https:\/\/gartenfriedhof.de\/wordpress\/wp-content\/uploads\/2016\/06\/026039-75x50_c.jpg"},"805":{"status":"active","id":"805","attachment_id":805,"src":"http:\/\/hans-gerrit.de\/wordpress\/wp-content\/uploads\/2016\/06\/038207.jpg","title":"038207","link":"","alt":"038207","caption":"Grabmale im Umfeld des R\u00fcling-Grabes, Foto um 1900, \n\u00a9 Historisches Museum Hannover","type":"image","linktab":0,"lb_thumb":"https:\/\/gartenfriedhof.de\/wordpress\/wp-content\/uploads\/2016\/06\/038207-75x50_c.jpg"},"807":{"status":"active","id":"807","attachment_id":807,"src":"http:\/\/hans-gerrit.de\/wordpress\/wp-content\/uploads\/2016\/06\/Das_gesprengte_Grab2.jpg","title":"Das_gesprengte_Grab2","link":"","alt":"Das_gesprengte_Grab","caption":"Das gesprengte Grab - Attraktion f\u00fcr Jung und Alt, Foto um 1900, \u00a9 wikimedia commons","type":"image","linktab":0,"lb_thumb":"https:\/\/gartenfriedhof.de\/wordpress\/wp-content\/uploads\/2016\/06\/Das_gesprengte_Grab2-75x50_c.jpg"},"810":{"status":"active","id":"810","attachment_id":810,"src":"http:\/\/hans-gerrit.de\/wordpress\/wp-content\/uploads\/2016\/06\/064614.jpg","title":"064614","link":"","alt":"064614","caption":"2. Ge\u00f6ffnetes Grab - Grabmal von Johann Heinrich Philipp und Ehefrau Wilhelmine Magdalene.  Nach der Sage wurde Wilhelmine Philipp beschuldigt, ihr Kind umgebracht zu haben. Aus Scham \nhier\u00fcber habe sie sich das \nLeben genommen, vorher aber gew\u00fcnscht, da\u00df als Zeichen ihrer Unschuld ein Baum aus ihrem Grabe wachsen m\u00f6ge. \u00a9 Historisches Museum Hannover","type":"image","linktab":0,"lb_thumb":"https:\/\/gartenfriedhof.de\/wordpress\/wp-content\/uploads\/2016\/06\/064614-75x50_c.jpg"},"773":{"status":"active","src":"http:\/\/hans-gerrit.de\/wordpress\/wp-content\/uploads\/2016\/06\/058471.jpg","title":"058471","link":"","alt":"058471","caption":"Grabmal von Heinrich Bernhard R\u00f6hrs, Foto: Else Schulze-Gattermann, 1937, \u00a9 Historisches Museum Hannover","type":"image","linktab":0,"id":773,"attachment_id":773,"lb_thumb":"https:\/\/gartenfriedhof.de\/wordpress\/wp-content\/uploads\/2016\/06\/058471-75x50_c.jpg"},"778":{"status":"active","src":"http:\/\/hans-gerrit.de\/wordpress\/wp-content\/uploads\/2016\/06\/088770.jpg","title":"088770","link":"","alt":"088770","caption":"Grabmal von Heinrich Bernhard R\u00f6hrs, Foto: Herbert Grohe, 1962, \u00a9 Historisches Museum Hannover","type":"image","linktab":0,"id":778,"attachment_id":778,"lb_thumb":"https:\/\/gartenfriedhof.de\/wordpress\/wp-content\/uploads\/2016\/06\/088770-75x50_c.jpg"},"788":{"status":"active","src":"http:\/\/hans-gerrit.de\/wordpress\/wp-content\/uploads\/2016\/06\/Roehrs.jpg","title":"Roehrs","link":"","alt":"Roehrs","caption":"Grabmal von Heinrich Bernhard R\u00f6hrs, 2015, \u00a9 Hans-Gerrit Vogt","type":"image","linktab":0,"id":788,"attachment_id":788,"lb_thumb":"https:\/\/gartenfriedhof.de\/wordpress\/wp-content\/uploads\/2016\/06\/Roehrs-75x50_c.jpg"},"811":{"status":"active","id":"811","attachment_id":811,"src":"http:\/\/hans-gerrit.de\/wordpress\/wp-content\/uploads\/2016\/06\/088771.jpg","title":"088771","link":"","alt":"088771","caption":"Blick auf den Gartenfriedhof von der Arnswaldtstra\u00dfe, Foto: 1915, \u00a9 Historisches Museum Hannover","type":"image","linktab":0,"lb_thumb":"https:\/\/gartenfriedhof.de\/wordpress\/wp-content\/uploads\/2016\/06\/088771-75x50_c.jpg"},"809":{"status":"active","id":"809","attachment_id":809,"src":"http:\/\/hans-gerrit.de\/wordpress\/wp-content\/uploads\/2016\/06\/038220-1.jpg","title":"038220","link":"","alt":"038220","caption":"Grabmal von Johann Christian Wiese, im Hintergrund das Grabmal von Ludewig Friedrich von Beulwitz, Foto: Else Schulze-Gattermann, 1937, \u00a9 Historisches Museum Hannover","type":"image","linktab":0,"lb_thumb":"https:\/\/gartenfriedhof.de\/wordpress\/wp-content\/uploads\/2016\/06\/038220-1-75x50_c.jpg"},"781":{"status":"active","src":"http:\/\/hans-gerrit.de\/wordpress\/wp-content\/uploads\/2016\/06\/038230.jpg","title":"038230","link":"","alt":"038230","caption":"Gartenfriedhof unter Kastanien. Im Hintergrund  die Grabmale von Arnswaldt  und von Linsingen,  Foto: Else Schulze-Gattermann, 1937, \u00a9 Historisches Museum Hannover","type":"image","linktab":0,"id":781,"attachment_id":781,"lb_thumb":"https:\/\/gartenfriedhof.de\/wordpress\/wp-content\/uploads\/2016\/06\/038230-75x50_c.jpg"},"838":{"status":"active","id":"838","attachment_id":838,"src":"http:\/\/hans-gerrit.de\/wordpress\/wp-content\/uploads\/2016\/06\/058469-2.jpg","title":"Zerrissenes Grabkreuz auf dem Gartenfriedhof","link":"","alt":"Zerrissenes Grabkreuz - Gartenfriedhof","caption":"Die B\u00e4ume auf dem Gartenfriedhof k\u00f6nnen nicht nur Gr\u00e4ber \u00f6ffnen, sondern auch Grabkreuze \"zerrei\u00dfen\", Foto: Else Schulze-Gattermann, 1937, \u00a9 Historisches Museum Hannover","type":"image","linktab":0,"lb_thumb":"https:\/\/gartenfriedhof.de\/wordpress\/wp-content\/uploads\/2016\/06\/058469-2-75x50_c.jpg"},"790":{"status":"active","src":"http:\/\/hans-gerrit.de\/wordpress\/wp-content\/uploads\/2016\/06\/058468.jpg","title":"058468","link":"","alt":"058468","caption":"\"Zerrissenes\" Grabkreuz,  Foto: Else Schulze-Gattermann, 1937, \u00a9 Historisches Museum Hannover","type":"image","linktab":0,"id":790,"attachment_id":790,"lb_thumb":"https:\/\/gartenfriedhof.de\/wordpress\/wp-content\/uploads\/2016\/06\/058468-75x50_c.jpg"},"837":{"status":"active","id":"837","attachment_id":837,"src":"http:\/\/hans-gerrit.de\/wordpress\/wp-content\/uploads\/2016\/06\/047539-2.jpg","title":"Verkehrsunfall auf dem Gartenfriedhof","link":"","alt":"Verkehrsunfall auf dem Gartenfriedhof","caption":"Verkehrsunfall auf dem Gartenfriedhof; ein \"K\u00e4fer\" dringt bis zum Hardenberg-Grab vor. Keinesfalls eine Begebenheit vergangener Tage: 2012 wurde eine junge Frau beobachtet, die aufgrund eines kleinen Verkehrsstaus in der Marienstra\u00dfe mit ihrem PKW die Abk\u00fcrzung \u00fcber den Gartenfriedhof w\u00e4hlte, um in die Warmb\u00fcchenstra\u00dfe zu gelangen. Foto: W. Hauschild, 1955 \u00a9 HAZ-Hauschild-Archiv im HMH","type":"image","linktab":0,"lb_thumb":"https:\/\/gartenfriedhof.de\/wordpress\/wp-content\/uploads\/2016\/06\/047539-2-75x50_c.jpg"},"775":{"status":"active","src":"http:\/\/hans-gerrit.de\/wordpress\/wp-content\/uploads\/2016\/06\/024975.jpg","title":"024975","link":"","alt":"024975","caption":"Steinmetz stiftete neues Grabkreuz f\u00fcr das Grabdenkmal von Ida Arenhold,  Mitbegr\u00fcnderin des Friederikenstiftes. \nFoto; Viola Hauschild, 10.12.1985.\t\u00a9 HAZ-Zeitungsausschnitt-Archiv im HMH","type":"image","linktab":0,"id":775,"attachment_id":775,"lb_thumb":"https:\/\/gartenfriedhof.de\/wordpress\/wp-content\/uploads\/2016\/06\/024975-75x50_c.jpg"}}},"_links":{"self":[{"href":"https:\/\/gartenfriedhof.de\/wordpress\/wp-json\/wp\/v2\/soliloquy\/752","targetHints":{"allow":["GET"]}}],"collection":[{"href":"https:\/\/gartenfriedhof.de\/wordpress\/wp-json\/wp\/v2\/soliloquy"}],"about":[{"href":"https:\/\/gartenfriedhof.de\/wordpress\/wp-json\/wp\/v2\/types\/soliloquy"}],"author":[{"embeddable":true,"href":"https:\/\/gartenfriedhof.de\/wordpress\/wp-json\/wp\/v2\/users\/1"}],"wp:attachment":[{"href":"https:\/\/gartenfriedhof.de\/wordpress\/wp-json\/wp\/v2\/media?parent=752"}],"curies":[{"name":"wp","href":"https:\/\/api.w.org\/{rel}","templated":true}]}}